{"version":"1.0","provider_name":"Moln\u00e1r csal\u00e1d \u00e9s a meccsek","provider_url":"https:\/\/miattunknemjarnak.cafeblog.hu","author_name":"Zsuz","author_url":"https:\/\/miattunknemjarnak.cafeblog.hu\/author\/zsuz\/","title":"Minden, ami eddig elmaradt.","html":"Ism\u00e9t jelentkez\u00fcnk az elmaradt r\u00e9gi-\u00faj epiz\u00f3ddal. Nem felejtettem el a blog \u00edr\u00e1s\u00e1t, csak sajnos olyan k\u00fcls\u0151 t\u00e9nyez\u0151k akad\u00e1lyoztak meg benne, mint a sz\u00e1m\u00edt\u00f3g\u00e9p hi\u00e1nya. Majd mikor ezt a hibaforr\u00e1st siker\u00fclt kik\u00fcsz\u00f6b\u00f6lni, akkor j\u00f6tt a felismer\u00e9s, hogy a r\u00e9gi billenty\u0171zet\u00fcnk nem kompatibilis az \u00faj csodag\u00e9ppel. A klaviat\u00fara beszerz\u00e9se pedig v\u00e1ratott mag\u00e1ra. Nesze neked 21. sz\u00e1zad. Elavulnak a t\u00e1rgyak, musz\u00e1j \u00fajabbn\u00e1l \u00fajabb cuccokat beszerezni ... B\u00e1r, ez lehet, hogy nem is annyira nagy baj, ha az ember nem akar 40 \u00e9vesen ciki sz\u00fcl\u0151je lenni a 10-15 \u00e9ves gyermekeinek, aki nem \u00e9rti, hogy mi is az a 4G p\u00e9ld\u00e1ul. \u00c9s azt\u00e1n az \u00faj g\u00e9p is elromlott ...\r\n\r\nEl\u00e9g sok dolog t\u00f6rt\u00e9nt vel\u00fcnk a legutols\u00f3 bejelentkez\u00e9s\u00fcnk \u00f3ta. Ebb\u0151l egyenes ar\u00e1nyban az k\u00f6vetkezik, hogy sok olyan dolog van, amit sz\u00edvesen megosztan\u00e9k veletek. De egyszerre nem adok ki t\u00fal hossz\u00fa, felesleges munk\u00e1t a kezemb\u0151l, \u00edgy minden val\u00f3sz\u00edn\u0171s\u00e9g szerint, mint a filmeknek a \"j\u00f3\" utols\u00f3 r\u00e9szei, ez az \u00e9rtekez\u00e9s is t\u00f6bb \u00a0r\u00e9szletben fog eljutni hozz\u00e1tok. \u00c9s amir\u0151l sz\u00f3 lesz: az utols\u00f3 fordul\u00f3 esem\u00e9nyei els\u0151k\u00e9nt, a v\u00e9naszkenneres bel\u00e9ptet\u00e9s \u00e9s a Debrecen elleni edz\u0151meccs m\u00e1sodikk\u00e9nt (amiben az \u00faj igazol\u00e1sokr\u00f3l is lesz eml\u00edt\u00e9s).\r\n\r\nTeh\u00e1t legutolj\u00e1ra ott fejezt\u00fck be, hogy a 29. fordul\u00f3ban Szombathelyre l\u00e1togatunk a Halad\u00e1s otthon\u00e1ba. Itt az\u00e9rt m\u00e1r el\u00e9g r\u00e9gen nem arattunk gy\u0151zelmet, de h\u00e1l'istennek a j\u00e9g megt\u00f6rt. Erre nem is fecs\u00e9reln\u00e9k t\u00f6bb sz\u00f3t, b\u00e1r \u00e9rdemelne egy p\u00e1r sort, de itt csak kettesben voltunk Ap\u00e1val. Nem lenne st\u00edlszer\u0171 belevenni, ha eddig sem tett\u00fck ezt meg.\r\n\r\n\u00c9s akkor j\u00f6jj\u00f6n a v\u00e1rva v\u00e1rt befejez\u00e9s. A Paks l\u00e1togatott a Pusk\u00e1s Stadionba. El\u0151zm\u00e9nyk\u00e9nt azt kell tudni, hogy az utols\u00f3 8 meccs\u00fcnket megnyert\u00fck. Ez lenne zsin\u00f3rban a kilencedik, amivel a saj\u00e1t kez\u00fcnkben van a sorsunk. Na ezeket az \u00f6sszecsap\u00e1sokat t\u00e9nyleg mindig el szoktuk sz\u00farni ... De hogy ne szaladjak ennyire el\u0151re, a t\u00e9t nem kisebb, mint a dobog\u00f3 harmadik foka, azaz EL indul\u00e1si jog. Nem t\u00fal nagy dics\u0151s\u00e9g a bronz \u00e9rem egy sokkal szebb korokat is meg\u00e9lt csapat sz\u00e1m\u00e1ra, de aki a kicsit nem becs\u00fcli, ugyeb\u00e1r ... Most megl\u00e1thatjuk, hogy ment\u00e1lisan mennyire er\u0151s a csapatunk. Ugyanis ezt az Atomv\u00e1rost szerintem legal\u00e1bb 3 g\u00f3llal kellene verni, de a legf\u0151bb c\u00e9l a 3 pont begy\u0171jt\u00e9se.\r\n\r\n\u00c9s mivel ez az eg\u00e9sz annyira r\u00e9gen volt, hogy alig eml\u00e9kszem bel\u0151le valamire, \u00edgy most csak a legfontosabb dolgokr\u00f3l fogok eml\u00edt\u00e9st tenni. Az els\u0151 \u00e9s legfontosabb, hogy megnyert\u00fck a m\u00e9rk\u0151z\u00e9st, kezd\u0151dhet az \u00f6r\u00f6m\u00fcnnep.\r\n\r\n<a href=\"https:\/\/miattunknemjarnak.cafeblog.hu\/files\/2014\/07\/2014-06-01-18.22.48.jpg\"><img class=\"alignnone size-medium wp-image-126\" src=\"https:\/\/miattunknemjarnak.cafeblog.hu\/files\/2014\/07\/2014-06-01-18.22.48-300x225.jpg\" alt=\"2014-06-01 18.22.48\" width=\"300\" height=\"225\" \/><\/a>\r\n\r\n<em>(Apa valahol odalent boh\u00f3ckodik a t\u00f6megben, term\u00e9szetesen az els\u0151 sorban.)<\/em>\r\n\r\nEmellett term\u00e9szetesen a csal\u00e1dunk k\u00e9t legifjabbik tagja is r\u00e9szt vett a boldogs\u00e1gban \u00e9s az els\u0151 \u00e9rmeket szerezt\u00fck meg, aminek \u0151k is r\u00e9szesei voltak!\r\n\r\n<a href=\"https:\/\/miattunknemjarnak.cafeblog.hu\/files\/2014\/07\/2014-06-01-16.54.38.jpg\"><img class=\"alignnone size-medium wp-image-127\" src=\"https:\/\/miattunknemjarnak.cafeblog.hu\/files\/2014\/07\/2014-06-01-16.54.38-225x300.jpg\" alt=\"2014-06-01 16.54.38\" width=\"225\" height=\"300\" \/><\/a> <a href=\"https:\/\/miattunknemjarnak.cafeblog.hu\/files\/2014\/07\/2014-06-14-16.24.04.jpg\"><img class=\"alignnone size-medium wp-image-128\" src=\"https:\/\/miattunknemjarnak.cafeblog.hu\/files\/2014\/07\/2014-06-14-16.24.04-300x225.jpg\" alt=\"2014-06-14 16.24.04\" width=\"300\" height=\"225\" \/><\/a>\r\n\r\n<em>(Ki-ki a maga m\u00f3dj\u00e1n mutatja meg, hogy el\u00e9rt\u00fck a dobog\u00f3 legalacsonyabb fok\u00e1t. Van aki kavicsokat gy\u0171jt, van aki horkol.)<\/em>\r\n\r\n\u00c9s akkor visszat\u00e9rve a sorsd\u00f6nt\u0151 \u00f6sszecsap\u00e1s azon r\u00e9szleteire, amelyek m\u00e9g nem halv\u00e1nyultak el teljesen. A Halad\u00e1s meccs el\u0151tt kider\u00fclt, hogy a fiatal k\u00f6z\u00e9ps\u0151 v\u00e9d\u0151nk, Besic, kiutazik a VB-re, ugyanis sz\u00e1m\u00edt r\u00e1 a bosny\u00e1k kapit\u00e1ny. Szombathelyen m\u00e9g ott volt, a Paks ellen viszont m\u00e1r nem. Valahol Ri\u00f3ban edzegetett. A csapat itt is c\u00e9lfutballt j\u00e1tszott, ami nekem nem annyira tetszik, de legal\u00e1bb \u00fagy t\u0171nik, hogy c\u00e9lravezet\u0151. Mondjuk annak ellen\u00e9re, hogy 9*3 pontot siker\u00fclt szerezn\u00fcnk, nem mellesleg zsin\u00f3rban, nekem valahogy nem siker\u00fclt megszeretnem ezt a Dollt. Ja, \u00e9s ott izgult vel\u00fcnk v\u00e9gig a helysz\u00ednen a Heni, a csal\u00e1dunk legkedvesebb b\u00e9biszittere (egyenl\u0151re az egyetlen is), akinek ez\u00faton is nagyon k\u00f6sz\u00f6nj\u00fck, hogy ennyire \u00e9rdekl\u0151d\u0151, kedves, \u00e9s alkalomadt\u00e1n vigy\u00e1z a csemet\u00e9inkre!\r\n\r\nEzut\u00e1n elment\u00fcnk be\u00fclni egy t\u00e1l \u00e9telre\/ kors\u00f3 italra egy\u00fctt, hogy mi is le tudjuk z\u00e1rni \u00fcnnep\u00e9lyesen a napot.\r\n\r\n<a href=\"https:\/\/miattunknemjarnak.cafeblog.hu\/files\/2014\/07\/2014-06-01-19.36.05.jpg\"><img class=\"alignnone size-medium wp-image-129\" src=\"https:\/\/miattunknemjarnak.cafeblog.hu\/files\/2014\/07\/2014-06-01-19.36.05-300x225.jpg\" alt=\"2014-06-01 19.36.05\" width=\"300\" height=\"225\" \/><\/a>\r\n\r\n<em>(A k\u00e9pen Heni Alexander\u00fcnkkel \u00e9s Brigi Axellel.)<\/em>\r\n\r\nNemsok\u00e1ra folytat\u00e1s k\u00f6vetkezik ...","type":"rich"}